{"version":"1.0","provider_name":"\u0627\u0644\u0647\u064a\u0626\u0629 \u0627\u0644\u0648\u0637\u0646\u064a\u0629 \u0644\u062d\u0642\u0648\u0642 \u0627\u0644\u0625\u0646\u0633\u0627\u0646 - \u0644\u0628\u0646\u0627\u0646","provider_url":"https:\/\/nhrclb.org\/fr","author_name":"NHRCLB","author_url":"https:\/\/nhrclb.org\/fr\/archives\/author\/admin2024","title":"Rendre hommage \u00e0 Amal Khalil exige des actions concr\u00e8tes pour mettre fin \u00e0 l\u2019impunit\u00e9 et traduire les responsables en justice | \u0627\u0644\u0647\u064a\u0626\u0629 \u0627\u0644\u0648\u0637\u0646\u064a\u0629 \u0644\u062d\u0642\u0648\u0642 \u0627\u0644\u0625\u0646\u0633\u0627\u0646 - \u0644\u0628\u0646\u0627\u0646","type":"rich","width":600,"height":338,"html":"<blockquote class=\"wp-embedded-content\" data-secret=\"YeG9ecrrvE\"><a href=\"https:\/\/nhrclb.org\/fr\/archives\/6835\">Rendre hommage \u00e0 Amal Khalil exige des actions concr\u00e8tes pour mettre fin \u00e0 l\u2019impunit\u00e9 et traduire les responsables en justice<\/a><\/blockquote><iframe sandbox=\"allow-scripts\" security=\"restricted\" src=\"https:\/\/nhrclb.org\/fr\/archives\/6835\/embed#?secret=YeG9ecrrvE\" width=\"600\" height=\"338\" title=\"\u00ab\u00a0Rendre hommage \u00e0 Amal Khalil exige des actions concr\u00e8tes pour mettre fin \u00e0 l\u2019impunit\u00e9 et traduire les responsables en justice\u00a0\u00bb &#8212; \u0627\u0644\u0647\u064a\u0626\u0629 \u0627\u0644\u0648\u0637\u0646\u064a\u0629 \u0644\u062d\u0642\u0648\u0642 \u0627\u0644\u0625\u0646\u0633\u0627\u0646 - \u0644\u0628\u0646\u0627\u0646\" data-secret=\"YeG9ecrrvE\" frameborder=\"0\" marginwidth=\"0\" marginheight=\"0\" scrolling=\"no\" class=\"wp-embedded-content\"><\/iframe><script type=\"text\/javascript\">\n\/* <![CDATA[ *\/\n\/*! This file is auto-generated *\/\n!function(d,l){\"use strict\";l.querySelector&&d.addEventListener&&\"undefined\"!=typeof URL&&(d.wp=d.wp||{},d.wp.receiveEmbedMessage||(d.wp.receiveEmbedMessage=function(e){var t=e.data;if((t||t.secret||t.message||t.value)&&!\/[^a-zA-Z0-9]\/.test(t.secret)){for(var s,r,n,a=l.querySelectorAll('iframe[data-secret=\"'+t.secret+'\"]'),o=l.querySelectorAll('blockquote[data-secret=\"'+t.secret+'\"]'),c=new RegExp(\"^https?:$\",\"i\"),i=0;i<o.length;i++)o[i].style.display=\"none\";for(i=0;i<a.length;i++)s=a[i],e.source===s.contentWindow&&(s.removeAttribute(\"style\"),\"height\"===t.message?(1e3<(r=parseInt(t.value,10))?r=1e3:~~r<200&&(r=200),s.height=r):\"link\"===t.message&&(r=new URL(s.getAttribute(\"src\")),n=new URL(t.value),c.test(n.protocol))&&n.host===r.host&&l.activeElement===s&&(d.top.location.href=t.value))}},d.addEventListener(\"message\",d.wp.receiveEmbedMessage,!1),l.addEventListener(\"DOMContentLoaded\",function(){for(var e,t,s=l.querySelectorAll(\"iframe.wp-embedded-content\"),r=0;r<s.length;r++)(t=(e=s[r]).getAttribute(\"data-secret\"))||(t=Math.random().toString(36).substring(2,12),e.src+=\"#?secret=\"+t,e.setAttribute(\"data-secret\",t)),e.contentWindow.postMessage({message:\"ready\",secret:t},\"*\")},!1)))}(window,document);\n\/\/# sourceURL=https:\/\/nhrclb.org\/wp-includes\/js\/wp-embed.min.js\n\/* ]]> *\/\n<\/script>\n","thumbnail_url":"https:\/\/nhrclb.org\/wp-content\/uploads\/2026\/04\/DSC00451-Khaim-Center-amal-Khalil-Beirut-Lebanon.jpeg","thumbnail_width":1200,"thumbnail_height":800,"description":"assam Al Kantar, membre de la Commission nationale des droits de l\u2019homme, a d\u00e9clar\u00e9 que rendre hommage \u00e0 la journaliste tu\u00e9e Amal Khalil, ainsi qu\u2019\u00e0 l\u2019ensemble des journalistes, travailleurs humanitaires, secouristes, personnels m\u00e9dicaux et civils tu\u00e9s \u00e0 travers le pays, passe par un engagement durable en faveur de la lutte contre l\u2019impunit\u00e9. Il a soulign\u00e9 [&hellip;]"}