{"version":"1.0","provider_name":"\u0627\u0644\u0647\u064a\u0626\u0629 \u0627\u0644\u0648\u0637\u0646\u064a\u0629 \u0644\u062d\u0642\u0648\u0642 \u0627\u0644\u0625\u0646\u0633\u0627\u0646 - \u0644\u0628\u0646\u0627\u0646","provider_url":"https:\/\/nhrclb.org\/fr","author_name":"NHRCLB","author_url":"https:\/\/nhrclb.org\/fr\/archives\/author\/admin2024","title":"La Commission nationale des droits de l\u2019homme en visite aupr\u00e8s du Vice-Premier ministre pour renforcer la coop\u00e9ration | \u0627\u0644\u0647\u064a\u0626\u0629 \u0627\u0644\u0648\u0637\u0646\u064a\u0629 \u0644\u062d\u0642\u0648\u0642 \u0627\u0644\u0625\u0646\u0633\u0627\u0646 - \u0644\u0628\u0646\u0627\u0646","type":"rich","width":600,"height":338,"html":"<blockquote class=\"wp-embedded-content\" data-secret=\"fa0z5l0kHP\"><a href=\"https:\/\/nhrclb.org\/fr\/archives\/6824\">La Commission nationale des droits de l\u2019homme en visite aupr\u00e8s du Vice-Premier ministre pour renforcer la coop\u00e9ration<\/a><\/blockquote><iframe sandbox=\"allow-scripts\" security=\"restricted\" src=\"https:\/\/nhrclb.org\/fr\/archives\/6824\/embed#?secret=fa0z5l0kHP\" width=\"600\" height=\"338\" title=\"\u00ab\u00a0La Commission nationale des droits de l\u2019homme en visite aupr\u00e8s du Vice-Premier ministre pour renforcer la coop\u00e9ration\u00a0\u00bb &#8212; \u0627\u0644\u0647\u064a\u0626\u0629 \u0627\u0644\u0648\u0637\u0646\u064a\u0629 \u0644\u062d\u0642\u0648\u0642 \u0627\u0644\u0625\u0646\u0633\u0627\u0646 - \u0644\u0628\u0646\u0627\u0646\" data-secret=\"fa0z5l0kHP\" frameborder=\"0\" marginwidth=\"0\" marginheight=\"0\" scrolling=\"no\" class=\"wp-embedded-content\"><\/iframe><script type=\"text\/javascript\">\n\/* <![CDATA[ *\/\n\/*! This file is auto-generated *\/\n!function(d,l){\"use strict\";l.querySelector&&d.addEventListener&&\"undefined\"!=typeof URL&&(d.wp=d.wp||{},d.wp.receiveEmbedMessage||(d.wp.receiveEmbedMessage=function(e){var t=e.data;if((t||t.secret||t.message||t.value)&&!\/[^a-zA-Z0-9]\/.test(t.secret)){for(var s,r,n,a=l.querySelectorAll('iframe[data-secret=\"'+t.secret+'\"]'),o=l.querySelectorAll('blockquote[data-secret=\"'+t.secret+'\"]'),c=new RegExp(\"^https?:$\",\"i\"),i=0;i<o.length;i++)o[i].style.display=\"none\";for(i=0;i<a.length;i++)s=a[i],e.source===s.contentWindow&&(s.removeAttribute(\"style\"),\"height\"===t.message?(1e3<(r=parseInt(t.value,10))?r=1e3:~~r<200&&(r=200),s.height=r):\"link\"===t.message&&(r=new URL(s.getAttribute(\"src\")),n=new URL(t.value),c.test(n.protocol))&&n.host===r.host&&l.activeElement===s&&(d.top.location.href=t.value))}},d.addEventListener(\"message\",d.wp.receiveEmbedMessage,!1),l.addEventListener(\"DOMContentLoaded\",function(){for(var e,t,s=l.querySelectorAll(\"iframe.wp-embedded-content\"),r=0;r<s.length;r++)(t=(e=s[r]).getAttribute(\"data-secret\"))||(t=Math.random().toString(36).substring(2,12),e.src+=\"#?secret=\"+t,e.setAttribute(\"data-secret\",t)),e.contentWindow.postMessage({message:\"ready\",secret:t},\"*\")},!1)))}(window,document);\n\/\/# sourceURL=https:\/\/nhrclb.org\/wp-includes\/js\/wp-embed.min.js\n\/* ]]> *\/\n<\/script>\n","thumbnail_url":"https:\/\/nhrclb.org\/wp-content\/uploads\/2026\/04\/Mitri-Gerges-Alkantar.jpg","thumbnail_width":2196,"thumbnail_height":1634,"description":"Une d\u00e9l\u00e9gation de la Commission nationale des droits de l\u2019homme, incluant le Comit\u00e9 pour la pr\u00e9vention de la torture, compos\u00e9e du Pr\u00e9sident de la Commission, le Dr Fadi Gerges, et du Commissaire charg\u00e9 des relations internationales et des m\u00e9dias, M. Bassam Al Kantar, a rendu visite \u00e0 S.E. le Vice-Premier ministre et Pr\u00e9sident du Comit\u00e9 [&hellip;]"}