{"version":"1.0","provider_name":"\u0627\u0644\u0647\u064a\u0626\u0629 \u0627\u0644\u0648\u0637\u0646\u064a\u0629 \u0644\u062d\u0642\u0648\u0642 \u0627\u0644\u0625\u0646\u0633\u0627\u0646 - \u0644\u0628\u0646\u0627\u0646","provider_url":"https:\/\/nhrclb.org\/fr","author_name":"NHRCLB","author_url":"https:\/\/nhrclb.org\/fr\/archives\/author\/admin2024","title":"Commission nationale des droits de l\u2019homme : Les frappes isra\u00e9liennes contre la banlieue sud de Beyrouth et le sud du Liban constituent de graves violations du droit international humanitaire et s\u2019apparentent \u00e0 des crimes de guerre | \u0627\u0644\u0647\u064a\u0626\u0629 \u0627\u0644\u0648\u0637\u0646\u064a\u0629 \u0644\u062d\u0642\u0648\u0642 \u0627\u0644\u0625\u0646\u0633\u0627\u0646 - \u0644\u0628\u0646\u0627\u0646","type":"rich","width":600,"height":338,"html":"<blockquote class=\"wp-embedded-content\" data-secret=\"pqDzYTJbkK\"><a href=\"https:\/\/nhrclb.org\/fr\/archives\/4448\">Commission nationale des droits de l\u2019homme : Les frappes isra\u00e9liennes contre la banlieue sud de Beyrouth et le sud du Liban constituent de graves violations du droit international humanitaire et s\u2019apparentent \u00e0 des crimes de guerre<\/a><\/blockquote><iframe sandbox=\"allow-scripts\" security=\"restricted\" src=\"https:\/\/nhrclb.org\/fr\/archives\/4448\/embed#?secret=pqDzYTJbkK\" width=\"600\" height=\"338\" title=\"\u00ab\u00a0Commission nationale des droits de l\u2019homme : Les frappes isra\u00e9liennes contre la banlieue sud de Beyrouth et le sud du Liban constituent de graves violations du droit international humanitaire et s\u2019apparentent \u00e0 des crimes de guerre\u00a0\u00bb &#8212; \u0627\u0644\u0647\u064a\u0626\u0629 \u0627\u0644\u0648\u0637\u0646\u064a\u0629 \u0644\u062d\u0642\u0648\u0642 \u0627\u0644\u0625\u0646\u0633\u0627\u0646 - \u0644\u0628\u0646\u0627\u0646\" data-secret=\"pqDzYTJbkK\" frameborder=\"0\" marginwidth=\"0\" marginheight=\"0\" scrolling=\"no\" class=\"wp-embedded-content\"><\/iframe><script type=\"text\/javascript\">\n\/* <![CDATA[ *\/\n\/*! This file is auto-generated *\/\n!function(d,l){\"use strict\";l.querySelector&&d.addEventListener&&\"undefined\"!=typeof URL&&(d.wp=d.wp||{},d.wp.receiveEmbedMessage||(d.wp.receiveEmbedMessage=function(e){var t=e.data;if((t||t.secret||t.message||t.value)&&!\/[^a-zA-Z0-9]\/.test(t.secret)){for(var s,r,n,a=l.querySelectorAll('iframe[data-secret=\"'+t.secret+'\"]'),o=l.querySelectorAll('blockquote[data-secret=\"'+t.secret+'\"]'),c=new RegExp(\"^https?:$\",\"i\"),i=0;i<o.length;i++)o[i].style.display=\"none\";for(i=0;i<a.length;i++)s=a[i],e.source===s.contentWindow&&(s.removeAttribute(\"style\"),\"height\"===t.message?(1e3<(r=parseInt(t.value,10))?r=1e3:~~r<200&&(r=200),s.height=r):\"link\"===t.message&&(r=new URL(s.getAttribute(\"src\")),n=new URL(t.value),c.test(n.protocol))&&n.host===r.host&&l.activeElement===s&&(d.top.location.href=t.value))}},d.addEventListener(\"message\",d.wp.receiveEmbedMessage,!1),l.addEventListener(\"DOMContentLoaded\",function(){for(var e,t,s=l.querySelectorAll(\"iframe.wp-embedded-content\"),r=0;r<s.length;r++)(t=(e=s[r]).getAttribute(\"data-secret\"))||(t=Math.random().toString(36).substring(2,12),e.src+=\"#?secret=\"+t,e.setAttribute(\"data-secret\",t)),e.contentWindow.postMessage({message:\"ready\",secret:t},\"*\")},!1)))}(window,document);\n\/\/# sourceURL=https:\/\/nhrclb.org\/wp-includes\/js\/wp-embed.min.js\n\/* ]]> *\/\n<\/script>\n","thumbnail_url":"https:\/\/nhrclb.org\/wp-content\/uploads\/2026\/03\/WhatsApp-Image-2026-03-02-at-2.59.39-AM-e1772444769894.jpeg","thumbnail_width":900,"thumbnail_height":1600,"description":"La Commission nationale des droits de l\u2019homme, y compris le Comit\u00e9 pour la pr\u00e9vention de la torture, a fermement condamn\u00e9 les frappes a\u00e9riennes men\u00e9es par Isra\u00ebl \u00e0 l\u2019aube de ce lundi contre des quartiers r\u00e9sidentiels dens\u00e9ment peupl\u00e9s dans la banlieue sud de Beyrouth et dans plusieurs localit\u00e9s du sud du Liban, affirmant que ces attaques [&hellip;]"}