{"version":"1.0","provider_name":"\u0627\u0644\u0647\u064a\u0626\u0629 \u0627\u0644\u0648\u0637\u0646\u064a\u0629 \u0644\u062d\u0642\u0648\u0642 \u0627\u0644\u0625\u0646\u0633\u0627\u0646 - \u0644\u0628\u0646\u0627\u0646","provider_url":"https:\/\/nhrclb.org\/fr","author_name":"NHRCLB","author_url":"https:\/\/nhrclb.org\/fr\/archives\/author\/admin2024","title":"La messe de No\u00ebl \u00e0 la prison de la gendarmerie de Jbeil souligne le r\u00f4le du Comit\u00e9 pour la pr\u00e9vention de la torture et le partenariat avec la Pastorale g\u00e9n\u00e9rale des prisons | \u0627\u0644\u0647\u064a\u0626\u0629 \u0627\u0644\u0648\u0637\u0646\u064a\u0629 \u0644\u062d\u0642\u0648\u0642 \u0627\u0644\u0625\u0646\u0633\u0627\u0646 - \u0644\u0628\u0646\u0627\u0646","type":"rich","width":600,"height":338,"html":"<blockquote class=\"wp-embedded-content\" data-secret=\"9seP0EDCM1\"><a href=\"https:\/\/nhrclb.org\/fr\/archives\/3976\">La messe de No\u00ebl \u00e0 la prison de la gendarmerie de Jbeil souligne le r\u00f4le du Comit\u00e9 pour la pr\u00e9vention de la torture et le partenariat avec la Pastorale g\u00e9n\u00e9rale des prisons<\/a><\/blockquote><iframe sandbox=\"allow-scripts\" security=\"restricted\" src=\"https:\/\/nhrclb.org\/fr\/archives\/3976\/embed#?secret=9seP0EDCM1\" width=\"600\" height=\"338\" title=\"\u00ab\u00a0La messe de No\u00ebl \u00e0 la prison de la gendarmerie de Jbeil souligne le r\u00f4le du Comit\u00e9 pour la pr\u00e9vention de la torture et le partenariat avec la Pastorale g\u00e9n\u00e9rale des prisons\u00a0\u00bb &#8212; \u0627\u0644\u0647\u064a\u0626\u0629 \u0627\u0644\u0648\u0637\u0646\u064a\u0629 \u0644\u062d\u0642\u0648\u0642 \u0627\u0644\u0625\u0646\u0633\u0627\u0646 - \u0644\u0628\u0646\u0627\u0646\" data-secret=\"9seP0EDCM1\" frameborder=\"0\" marginwidth=\"0\" marginheight=\"0\" scrolling=\"no\" class=\"wp-embedded-content\"><\/iframe><script type=\"text\/javascript\">\n\/* <![CDATA[ *\/\n\/*! This file is auto-generated *\/\n!function(d,l){\"use strict\";l.querySelector&&d.addEventListener&&\"undefined\"!=typeof URL&&(d.wp=d.wp||{},d.wp.receiveEmbedMessage||(d.wp.receiveEmbedMessage=function(e){var t=e.data;if((t||t.secret||t.message||t.value)&&!\/[^a-zA-Z0-9]\/.test(t.secret)){for(var s,r,n,a=l.querySelectorAll('iframe[data-secret=\"'+t.secret+'\"]'),o=l.querySelectorAll('blockquote[data-secret=\"'+t.secret+'\"]'),c=new RegExp(\"^https?:$\",\"i\"),i=0;i<o.length;i++)o[i].style.display=\"none\";for(i=0;i<a.length;i++)s=a[i],e.source===s.contentWindow&&(s.removeAttribute(\"style\"),\"height\"===t.message?(1e3<(r=parseInt(t.value,10))?r=1e3:~~r<200&&(r=200),s.height=r):\"link\"===t.message&&(r=new URL(s.getAttribute(\"src\")),n=new URL(t.value),c.test(n.protocol))&&n.host===r.host&&l.activeElement===s&&(d.top.location.href=t.value))}},d.addEventListener(\"message\",d.wp.receiveEmbedMessage,!1),l.addEventListener(\"DOMContentLoaded\",function(){for(var e,t,s=l.querySelectorAll(\"iframe.wp-embedded-content\"),r=0;r<s.length;r++)(t=(e=s[r]).getAttribute(\"data-secret\"))||(t=Math.random().toString(36).substring(2,12),e.src+=\"#?secret=\"+t,e.setAttribute(\"data-secret\",t)),e.contentWindow.postMessage({message:\"ready\",secret:t},\"*\")},!1)))}(window,document);\n\/\/# sourceURL=https:\/\/nhrclb.org\/wp-includes\/js\/wp-embed.min.js\n\/* ]]> *\/\n<\/script>\n","thumbnail_url":"https:\/\/nhrclb.org\/wp-content\/uploads\/2025\/12\/WhatsApp-Image-2025-12-25-at-9.07.23-AM-1024x768.png","thumbnail_width":1024,"thumbnail_height":768,"description":"La Pastorale g\u00e9n\u00e9rale des prisons au Liban, \u00e9manant du Conseil des patriarches et \u00e9v\u00eaques catholiques, pour les gouvernorats de Beyrouth et du Mont-Liban, a c\u00e9l\u00e9br\u00e9 la messe de No\u00ebl \u00e0 la prison de la gendarmerie de Jbeil, \u00e0 l\u2019occasion d\u2019un \u00e9v\u00e9nement rev\u00eatant des dimensions spirituelles, humaines et li\u00e9es aux droits de l\u2019homme. Cette c\u00e9l\u00e9bration a [&hellip;]"}